{"id":40,"date":"2019-04-28T10:30:08","date_gmt":"2019-04-28T09:30:08","guid":{"rendered":"http:\/\/libre-cueillette.net\/?page_id=40"},"modified":"2019-04-28T09:32:19","modified_gmt":"2019-04-28T08:32:19","slug":"qui-sommes-nous","status":"publish","type":"page","link":"https:\/\/libre-cueillette.net\/index.php\/qui-sommes-nous\/","title":{"rendered":"Qui sommes-nous ?"},"content":{"rendered":"<p><span class=\"Style13\">\u00a0\u00a0 Libre Cueillette s&rsquo;est form\u00e9e initialement \u00e0 l&rsquo;initiative de Cathy Constant-Elissagaray. Elle avait d\u00e9j\u00e0 cr\u00e9\u00e9 l&rsquo;association des Amis-Chemins et l&rsquo;atelier Jardinage et Botanique de l&rsquo;Universit\u00e9 du Temps libre d&rsquo;Anglet. Suite \u00e0 la parution du film Demain \u00e0 Bayonne pr\u00e9sentant, entre autres, l&rsquo;initiative des Incroyables Comestibles, elle s&rsquo;en est inspir\u00e9e pour fonder cette association sur Anglet en contactant des organismes et individus int\u00e9ress\u00e9s par la nature et l&rsquo;environnement.<br \/>\n<\/span><\/p>\n<ul>\n<li style=\"list-style-type: none;\">\n<ul>\n<li style=\"text-align: justify;\"><span class=\"Style13\"> <a href=\"https:\/\/libre-cueillette.net\/wp-content\/uploads\/amischemins.jpg\"><img loading=\"lazy\" decoding=\"async\" class=\"size-full wp-image-41 alignleft\" src=\"https:\/\/libre-cueillette.net\/wp-content\/uploads\/amischemins.jpg\" alt=\"\" width=\"88\" height=\"100\" \/><\/a><span style=\"color: #000000;\">Cr\u00e9\u00e9e en 2006,<\/span> <span style=\"color: #00680f;\"><strong>l&rsquo;association des <a style=\"color: #00680f;\" href=\"http:\/\/www.amis-chemins.net\" target=\"_blank\" rel=\"noopener noreferrer\">AMIS-CHEMINS<\/a><\/strong><\/span> <span style=\"color: #000000;\">a pour objet la promotion de la circulation douce sur Anglet. Plus il y aura de pistes cyclables, de larges trottoirs, d&rsquo;espaces libres de toute circulation automobile, et plus la ville redeviendra accueillante pour ses habitants et ses visiteurs. Plusieurs actions ont d\u00e9j\u00e0 \u00e9t\u00e9 entreprises : cr\u00e9ation de circuits de promenade familiale, promotion de l&rsquo;acheminement scolaire P\u00e9dibus ou V\u00e9lobus, participation \u00e0 la r\u00e9flexion initi\u00e9e par la ville pour l&rsquo;instauration d&rsquo;un Agenda 21, articles de r\u00e9flexion sur le site Internet. En 2016, une nouvelle action d\u00e9bute : inscrire Anglet sur la liste des Incroyables Comestibles (Incredible Edible).<\/span> <\/span><\/li>\n<\/ul>\n<\/li>\n<\/ul>\n<ul>\n<li style=\"list-style-type: none;\">\n<ul>\n<li style=\"text-align: justify;\"><span style=\"color: #00680f;\"><strong>\u00ab\u00a0Incredible Edible\u00a0\u00bb (<a style=\"color: #00680f;\" href=\"http:\/\/lesincroyablescomestibles.fr\/\" target=\"_blank\" rel=\"noopener noreferrer\">Incroyables comestibles<\/a>)<\/strong><\/span> <img loading=\"lazy\" decoding=\"async\" class=\"size-full wp-image-46 alignright\" src=\"https:\/\/libre-cueillette.net\/wp-content\/uploads\/logo_incredible_edible.jpg\" alt=\"logo_incredible_edible\" width=\"97\" height=\"100\" \/><span style=\"color: #000000;\">est une initiative prise en 2008 \u00e0 Todmorden (Angleterre) et qui se r\u00e9pand comme une tra\u00een\u00e9e de poudre de ville en ville dans le monde entier. \u00ab\u00a0En transformant l\u2019espace public de leur ville en jardins potagers gratuits, des citoyens cr\u00e9ent un nouvel art de vivre par le partage et se donnent pour objectif l&rsquo;autosuffisance alimentaire.\u00a0\u00bb Les <em>Incroyables Comestibles<\/em> sont un catalyseur de reconnexion avec la terre nourrici\u00e8re, mais aussi un formidable outil p\u00e9dagogique\u2026<\/span><\/li>\n<\/ul>\n<\/li>\n<\/ul>\n<ul>\n<li style=\"list-style-type: none;\">\n<ul>\n<li style=\"text-align: justify;\"><img loading=\"lazy\" decoding=\"async\" class=\"size-full wp-image-42 alignleft\" src=\"https:\/\/libre-cueillette.net\/wp-content\/uploads\/colibri.jpg\" alt=\"colibri\" width=\"98\" height=\"100\" \/><span style=\"color: #000000;\">Colibris 64 Pays basque (<a href=\"http:\/\/colibris.ning.com\/group\/colibris64paysbasque?commentId=2998321%3AComment%3A675605&amp;xg_source=activity\" target=\"_blank\" rel=\"noopener noreferrer\">groupe Kolibris 64<\/a>). Cr\u00e9\u00e9 en 2007 sous l\u2019impulsion de Pierre Rabhi,<\/span> <span style=\"color: #00680f;\"><strong>le mouvement des<\/strong> <strong><a style=\"color: #00680f;\" href=\"http:\/\/www.colibris-lemouvement.org\/\" target=\"_blank\" rel=\"noopener noreferrer\">COLIBRIS<\/a><\/strong><\/span> <span style=\"color: #000000;\">se mobilise pour la construction d\u2019une soci\u00e9t\u00e9 \u00e9cologique et humaine. L\u2019association place le changement personnel au c\u0153ur de sa raison d\u2019\u00eatre, convaincue que la transformation de la soci\u00e9t\u00e9 est totalement subordonn\u00e9e au changement humain. Colibris s\u2019est donn\u00e9e pour mission d\u2019inspirer, relier et soutenir les citoyens engag\u00e9s dans une d\u00e9marche de transition individuelle et collect<\/span><span style=\"color: #000000;\">ive.<\/span><\/li>\n<\/ul>\n<\/li>\n<\/ul>\n<ul>\n<li style=\"list-style-type: none;\">\n<ul>\n<li style=\"text-align: justify;\"><span class=\"Style13\"><span style=\"color: #00680f;\"><strong>L&rsquo;<\/strong><\/span><\/span><span style=\"color: #000000;\"><span class=\"Style13\"><img loading=\"lazy\" decoding=\"async\" class=\"wp-image-265 alignright\" src=\"https:\/\/libre-cueillette.net\/wp-content\/uploads\/UTLA-300x245.jpg\" alt=\"\" width=\"118\" height=\"96\" srcset=\"https:\/\/libre-cueillette.net\/wp-content\/uploads\/UTLA-300x245.jpg 300w, https:\/\/libre-cueillette.net\/wp-content\/uploads\/UTLA-768x627.jpg 768w, https:\/\/libre-cueillette.net\/wp-content\/uploads\/UTLA.jpg 804w\" sizes=\"auto, (max-width: 118px) 100vw, 118px\" \/><\/span><\/span><span class=\"Style13\"><span style=\"color: #00680f;\"><strong>Universit\u00e9 du Temps Libre d&rsquo;Anglet (<a style=\"color: #00680f;\" href=\"http:\/\/www.utlanglet.fr\/\" target=\"_blank\" rel=\"noopener noreferrer\">UTLA<\/a>)<\/strong><\/span> (700 adh\u00e9rents) <span style=\"color: #000000;\">a pour<\/span><\/span><span class=\"Style13\"><span style=\"color: #000000;\"> v<\/span><\/span><span style=\"color: #000000;\"><span class=\"Style13\">oc<\/span><span class=\"Style13\">a<\/span><span class=\"Style13\">ti<\/span><span class=\"Style13\">on la prati<\/span><span class=\"Style13\">que et <\/span><\/span><span style=\"color: #000000;\"><span class=\"Style13\">la dif<\/span><\/span><span style=\"color: #000000;\"><span class=\"Style13\">f<\/span><\/span><span style=\"color: #000000;\"><span class=\"Style13\">usi<\/span><\/span><span style=\"color: #000000;\"><span class=\"Style13\">on de la culture,<\/span><span class=\"Style13\"> ainsi que <\/span><\/span><span style=\"color: #000000;\"><span class=\"Style13\">l&rsquo;instaur<\/span><span class=\"Style13\">ation d&rsquo;un lien so<\/span><\/span><span style=\"color: #000000;\"><span class=\"Style13\">cial parmi ses <\/span><\/span><span style=\"color: #000000;\"><span class=\"Style13\">membres en <\/span><\/span><span style=\"color: #000000;\"><span class=\"Style13\">proposant to<\/span><\/span><span style=\"color: #000000;\"><span class=\"Style13\">ute une p<\/span><span class=\"Style13\">alette <\/span><span class=\"Style13\">d&rsquo;activit\u00e9s. Par son atelier Jardinage et Botanique, elle allie la culture dans les deux sens du terme, ce qui a sensibilis\u00e9 l&rsquo;association \u00e0 s&rsquo;associer \u00e0 cette nouvelle initiative<\/span><\/span><span class=\"Style13\"><span style=\"color: #000000;\"> de Libre Cueillette.<\/span><\/span><\/li>\n<\/ul>\n<\/li>\n<\/ul>\n<ul>\n<li style=\"list-style-type: none;\">\n<ul>\n<li style=\"text-align: justify;\"><span style=\"color: #000000;\">Depuis Avril 2008,<\/span> <span style=\"color: #00680f;\"><strong>l&rsquo;association <a style=\"color: #00680f;\" href=\"http:\/\/www.laminak-association.com\/Laminak_Association\/Accueil.html\" target=\"_blank\" rel=\"noopener noreferrer\">LAMINAK<\/a> d\u2019Anglet<\/strong><\/span> <span class=\"Style13\"><img loading=\"lazy\" decoding=\"async\" class=\"size-medium wp-image-44 alignleft\" src=\"https:\/\/libre-cueillette.net\/wp-content\/uploads\/laminak.jpg\" alt=\"laminak\" width=\"93\" height=\"100\" \/><\/span><span style=\"color: #000000;\">s\u2019engage activement pour la protection de l\u2019environnement en \u00e9duquant et sensibilisant les publics scolaires, p\u00e9riscolaires, particuliers et entreprises \u00e0 l\u2019environnement. Conna\u00eetre, c\u2019est mieux prot\u00e9ger. Animations, loisirs verts, \u00e9tudes\/actions&#8230;<\/span><\/li>\n<\/ul>\n<\/li>\n<\/ul>\n<ul>\n<li style=\"list-style-type: none;\">\n<ul>\n<li style=\"text-align: justify;\"><a href=\"http:\/\/asso.permaculture.fr\/\" target=\"_blank\" rel=\"noopener noreferrer\"><img loading=\"lazy\" decoding=\"async\" class=\"size-full wp-image-47 alignright\" src=\"https:\/\/libre-cueillette.net\/wp-content\/uploads\/BDP-Logo-20111.png\" alt=\"BDP-Logo-20111\" width=\"82\" height=\"100\" \/><span style=\"color: #00680f;\"><strong>BRIN DE PAILLE<\/strong><\/span><\/a> <span style=\"color: #000000;\">est un joyeux collectif d\u00e9di\u00e9 au d\u00e9veloppement de la permaculture en France. Brin de Paille est n\u00e9 en 2008 en m\u00eame temps que l\u2019Universit\u00e9 Populaire de Permaculture.\u00a0En 2009, ces deux structures organisent conjointement le premier festival de permaculture en France. Cette association est en quelque sorte un organe de mise en relation dans le r\u00e9seau, son r\u00f4le n\u2019est pas de centraliser mais plut\u00f4t de faciliter la communication entre les diff\u00e9rents acteurs et ainsi d\u2019encourager un d\u00e9veloppement plus harmonieux et solidaire des diff\u00e9rentes initiatives existantes.<\/span><\/li>\n<\/ul>\n<\/li>\n<\/ul>\n<ul>\n<li style=\"list-style-type: none;\">\n<ul>\n<li style=\"text-align: justify;\"><span style=\"color: #000000;\">Quelques<\/span><span class=\"Style13\"><img loading=\"lazy\" decoding=\"async\" class=\"size-medium wp-image-43 alignleft\" src=\"https:\/\/libre-cueillette.net\/wp-content\/uploads\/groupe_dimitri.jpg\" alt=\"groupe_dimitri\" width=\"100\" height=\"100\" \/><\/span> <span style=\"color: #00680f;\"><strong>membres du<\/strong> <strong><a style=\"color: #00680f;\" href=\"http:\/\/perso.numericable.fr\/jconstant\/\" target=\"_blank\" rel=\"noopener noreferrer\">groupe Dimitri<\/a><\/strong><\/span><span style=\"color: #000000;\">, form\u00e9 de randonneurs naturalistes amateurs, se joignent \u00e0 Libre Cueillette.<\/span><\/li>\n<\/ul>\n<\/li>\n<\/ul>\n<ul>\n<li style=\"list-style-type: none;\">\n<ul>\n<li style=\"text-align: justify;\"><span style=\"color: #000000;\">Quelques<\/span> <span style=\"color: #00680f;\"><strong>professeurs du Lyc\u00e9e Polyvalent <a style=\"color: #00680f;\" href=\"http:\/\/www.lycee-cantau.net\/cantau.php\" target=\"_blank\" rel=\"noopener noreferrer\">CANTAU<\/a><\/strong><\/span><span style=\"color: #000000;\">, qui dispose d\u2019un large \u00e9ventail de formations dans les m\u00e9tiers du b\u00e2timent et de l&rsquo;\u00e9nergie, se joignent \u00e0 Libre Cueillette.<\/span><\/li>\n<\/ul>\n<\/li>\n<\/ul>\n<ul>\n<li style=\"list-style-type: none;\">\n<ul>\n<li style=\"text-align: justify;\"><span style=\"color: #000000;\">Quelques<\/span> <span style=\"color: #00680f;\"><strong>membres des cours de langue de l&rsquo;Association de Formation Permanente (<a style=\"color: #00680f;\" href=\"http:\/\/formations-afp-anglet.com\/\" target=\"_blank\" rel=\"noopener noreferrer\">AFP<\/a>) d&rsquo;El Hogar Anglet<\/strong><\/span> <span style=\"color: #000000;\">se joignent \u00e0 Libre Cueillette.<\/span><\/li>\n<\/ul>\n<\/li>\n<\/ul>\n<ul>\n<li style=\"text-align: justify;\"><span style=\"color: #000000;\">Au<\/span> <span style=\"color: #008000;\"><strong>forum des associations d&rsquo;Anglet<\/strong><\/span><span style=\"color: #000000;\"> du 3 et 4 septembre 2016, 44 visiteurs de tous horizons ont rejoint le collectif en laissant leurs coordonn\u00e9es pour \u00eatre au courant des actions entreprises et y participer.<\/span><\/li>\n<\/ul>\n","protected":false},"excerpt":{"rendered":"<p>\u00a0\u00a0 Libre Cueillette s&rsquo;est form\u00e9e initialement \u00e0 l&rsquo;initiative de Cathy Constant-Elissagaray. Elle avait d\u00e9j\u00e0 cr\u00e9\u00e9 l&rsquo;association des Amis-Chemins et l&rsquo;atelier Jardinage et Botanique de l&rsquo;Universit\u00e9 du Temps libre d&rsquo;Anglet. Suite \u00e0 la parution du film Demain \u00e0 Bayonne pr\u00e9sentant, entre<\/p>\n","protected":false},"author":1,"featured_media":0,"parent":0,"menu_order":0,"comment_status":"closed","ping_status":"closed","template":"","meta":{"footnotes":""},"class_list":["post-40","page","type-page","status-publish","hentry"],"_links":{"self":[{"href":"https:\/\/libre-cueillette.net\/index.php\/wp-json\/wp\/v2\/pages\/40","targetHints":{"allow":["GET"]}}],"collection":[{"href":"https:\/\/libre-cueillette.net\/index.php\/wp-json\/wp\/v2\/pages"}],"about":[{"href":"https:\/\/libre-cueillette.net\/index.php\/wp-json\/wp\/v2\/types\/page"}],"author":[{"embeddable":true,"href":"https:\/\/libre-cueillette.net\/index.php\/wp-json\/wp\/v2\/users\/1"}],"replies":[{"embeddable":true,"href":"https:\/\/libre-cueillette.net\/index.php\/wp-json\/wp\/v2\/comments?post=40"}],"version-history":[{"count":18,"href":"https:\/\/libre-cueillette.net\/index.php\/wp-json\/wp\/v2\/pages\/40\/revisions"}],"predecessor-version":[{"id":4109,"href":"https:\/\/libre-cueillette.net\/index.php\/wp-json\/wp\/v2\/pages\/40\/revisions\/4109"}],"wp:attachment":[{"href":"https:\/\/libre-cueillette.net\/index.php\/wp-json\/wp\/v2\/media?parent=40"}],"curies":[{"name":"wp","href":"https:\/\/api.w.org\/{rel}","templated":true}]}}